{"id":34,"date":"2021-01-03T17:05:34","date_gmt":"2021-01-03T16:05:34","guid":{"rendered":"https:\/\/www.maisondesfamilles.eu\/?page_id=34"},"modified":"2022-09-30T10:01:50","modified_gmt":"2022-09-30T08:01:50","slug":"restaurant-social-assiette-pour-tous","status":"publish","type":"page","link":"https:\/\/www.maisondesfamilles.eu\/index.php\/restaurant-social-assiette-pour-tous\/","title":{"rendered":"Restaurant Social Assiette pour tous"},"content":{"rendered":"\n<p>quelques chiffres du nombre de repas servis depuis quelques ann\u00e9es<\/p>\n\n\n\n<div class=\"wp-block-cover is-light\"><span aria-hidden=\"true\" class=\"wp-block-cover__background has-background-dim\"><\/span><img decoding=\"async\" class=\"wp-block-cover__image-background wp-image-264\" alt=\"\" src=\"https:\/\/www.maisondesfamilles.eu\/wp-content\/uploads\/2022\/09\/stat-repas-annee-par-annee.docx\" data-object-fit=\"cover\"\/><div class=\"wp-block-cover__inner-container is-layout-flow wp-block-cover-is-layout-flow\">\n<figure class=\"wp-block-table\"><table><tbody><tr><td><strong>&nbsp;<\/strong><\/td><td><strong>2018<\/strong><\/td><td><strong>2019<\/strong><\/td><td><strong>2020<\/strong><\/td><td><strong>2021<\/strong><\/td><td><strong>2022<\/strong><\/td><\/tr><tr><td>Janvier<\/td><td>1555<\/td><td>1836<\/td><td>823<\/td><td>894<\/td><td>1041<\/td><\/tr><tr><td>F\u00e9vrier<\/td><td>1473<\/td><td>1982<\/td><td>940<\/td><td>1035<\/td><td>1079<\/td><\/tr><tr><td>Mars<\/td><td>1540<\/td><td>2313<\/td><td>466<\/td><td>1089<\/td><td>1278<\/td><\/tr><tr><td>Avril<\/td><td>1450<\/td><td>1866<\/td><td>0<\/td><td>1124<\/td><td>1014<\/td><\/tr><tr><td>Mai<\/td><td>1417<\/td><td>1993<\/td><td>0<\/td><td>1003<\/td><td>1227<\/td><\/tr><tr><td>Juin<\/td><td>1243<\/td><td>1358<\/td><td>539<\/td><td>1104<\/td><td>1089<\/td><\/tr><tr><td>Juillet<\/td><td>760<\/td><td>982<\/td><td>795<\/td><td>1014<\/td><td>&nbsp;<\/td><\/tr><tr><td>Ao\u00fbt<\/td><td>350<\/td><td>676<\/td><td>867<\/td><td>1214<\/td><td>&nbsp;<\/td><\/tr><tr><td>Septembre<\/td><td>1418<\/td><td>1566<\/td><td>894<\/td><td>1297<\/td><td>&nbsp;<\/td><\/tr><tr><td>Octobre<\/td><td>1850<\/td><td>599<\/td><td>692<\/td><td>1264<\/td><td>&nbsp;<\/td><\/tr><tr><td>Novembre<\/td><td>1464<\/td><td>1112<\/td><td>823<\/td><td>1060<\/td><td>&nbsp;<\/td><\/tr><tr><td>D\u00e9cembre<\/td><td>886<\/td><td>1026<\/td><td>700<\/td><td>1112<\/td><td>&nbsp;<\/td><\/tr><tr><td><strong><em>Total<\/em><\/strong><\/td><td><strong><em>15406<\/em><\/strong><\/td><td><strong><em>17309<\/em><\/strong><\/td><td><strong><em>7539<\/em><\/strong><\/td><td><strong><em>13210<\/em><\/strong><\/td><td><strong><em>6728<\/em><\/strong><\/td><\/tr><\/tbody><\/table><\/figure>\n<\/div><\/div>\n\n\n\n<div class=\"wp-block-cover is-light\"><span aria-hidden=\"true\" class=\"wp-block-cover__background has-background-dim\"><\/span><img loading=\"lazy\" decoding=\"async\" width=\"960\" height=\"720\" class=\"wp-block-cover__image-background wp-image-76\" src=\"https:\/\/www.maisondesfamilles.eu\/wp-content\/uploads\/2021\/01\/131934599_2786807508200019_6574649271713713251_n-1.jpg\" data-object-fit=\"cover\" srcset=\"https:\/\/www.maisondesfamilles.eu\/wp-content\/uploads\/2021\/01\/131934599_2786807508200019_6574649271713713251_n-1.jpg 960w, https:\/\/www.maisondesfamilles.eu\/wp-content\/uploads\/2021\/01\/131934599_2786807508200019_6574649271713713251_n-1-300x225.jpg 300w, https:\/\/www.maisondesfamilles.eu\/wp-content\/uploads\/2021\/01\/131934599_2786807508200019_6574649271713713251_n-1-768x576.jpg 768w\" sizes=\"auto, (max-width: 960px) 100vw, 960px\" \/><div class=\"wp-block-cover__inner-container is-layout-flow wp-block-cover-is-layout-flow\">\n<p class=\"has-text-align-center has-large-font-size\"><\/p>\n<\/div><\/div>\n\n\n\n<div class=\"wp-block-columns is-layout-flex wp-container-core-columns-is-layout-9d6595d7 wp-block-columns-is-layout-flex\">\n<div class=\"wp-block-column is-layout-flow wp-block-column-is-layout-flow\" style=\"flex-basis:100%\">\n<div class=\"wp-block-group\"><div class=\"wp-block-group__inner-container is-layout-flow wp-block-group-is-layout-flow\">\n<figure class=\"wp-block-gallery has-nested-images columns-default is-cropped wp-block-gallery-1 is-layout-flex wp-block-gallery-is-layout-flex\">\n<figure class=\"wp-block-image size-large\"><img loading=\"lazy\" decoding=\"async\" width=\"960\" height=\"720\" data-id=\"73\" src=\"https:\/\/www.maisondesfamilles.eu\/wp-content\/uploads\/2021\/01\/131930669_2786807718199998_2658093843636468563_n.jpg\" alt=\"\" class=\"wp-image-73\" srcset=\"https:\/\/www.maisondesfamilles.eu\/wp-content\/uploads\/2021\/01\/131930669_2786807718199998_2658093843636468563_n.jpg 960w, https:\/\/www.maisondesfamilles.eu\/wp-content\/uploads\/2021\/01\/131930669_2786807718199998_2658093843636468563_n-300x225.jpg 300w, https:\/\/www.maisondesfamilles.eu\/wp-content\/uploads\/2021\/01\/131930669_2786807718199998_2658093843636468563_n-768x576.jpg 768w\" sizes=\"auto, (max-width: 960px) 100vw, 960px\" \/><figcaption>Vendredi c&rsquo;est jour des frites&#8230;<\/figcaption><\/figure>\n\n\n\n<figure class=\"wp-block-image size-large\"><img loading=\"lazy\" decoding=\"async\" width=\"960\" height=\"720\" data-id=\"74\" src=\"https:\/\/www.maisondesfamilles.eu\/wp-content\/uploads\/2021\/01\/131946806_2786807588200011_6559213428413296764_n.jpg\" alt=\"\" class=\"wp-image-74\" srcset=\"https:\/\/www.maisondesfamilles.eu\/wp-content\/uploads\/2021\/01\/131946806_2786807588200011_6559213428413296764_n.jpg 960w, https:\/\/www.maisondesfamilles.eu\/wp-content\/uploads\/2021\/01\/131946806_2786807588200011_6559213428413296764_n-300x225.jpg 300w, https:\/\/www.maisondesfamilles.eu\/wp-content\/uploads\/2021\/01\/131946806_2786807588200011_6559213428413296764_n-768x576.jpg 768w\" sizes=\"auto, (max-width: 960px) 100vw, 960px\" \/><figcaption>repas offert par fritland<\/figcaption><\/figure>\n<\/figure>\n<\/div><\/div>\n<\/div>\n<\/div>\n\n\n\n<figure class=\"wp-block-gallery has-nested-images columns-default is-cropped wp-block-gallery-2 is-layout-flex wp-block-gallery-is-layout-flex\">\n<figure class=\"wp-block-image size-large\"><img loading=\"lazy\" decoding=\"async\" width=\"720\" height=\"960\" data-id=\"79\" src=\"https:\/\/www.maisondesfamilles.eu\/wp-content\/uploads\/2021\/01\/132740318_2790297997850970_1252015381814807741_n.jpg\" alt=\"\" class=\"wp-image-79\" srcset=\"https:\/\/www.maisondesfamilles.eu\/wp-content\/uploads\/2021\/01\/132740318_2790297997850970_1252015381814807741_n.jpg 720w, https:\/\/www.maisondesfamilles.eu\/wp-content\/uploads\/2021\/01\/132740318_2790297997850970_1252015381814807741_n-225x300.jpg 225w\" sizes=\"auto, (max-width: 720px) 100vw, 720px\" \/><figcaption>Repas de No\u00ebl 2020<\/figcaption><\/figure>\n\n\n\n<figure class=\"wp-block-image size-large\"><img loading=\"lazy\" decoding=\"async\" width=\"720\" height=\"960\" data-id=\"82\" src=\"https:\/\/www.maisondesfamilles.eu\/wp-content\/uploads\/2021\/01\/132705986_2790297651184338_2985918815004668994_n.jpg\" alt=\"\" class=\"wp-image-82\" srcset=\"https:\/\/www.maisondesfamilles.eu\/wp-content\/uploads\/2021\/01\/132705986_2790297651184338_2985918815004668994_n.jpg 720w, https:\/\/www.maisondesfamilles.eu\/wp-content\/uploads\/2021\/01\/132705986_2790297651184338_2985918815004668994_n-225x300.jpg 225w\" sizes=\"auto, (max-width: 720px) 100vw, 720px\" \/><figcaption>Repas de No\u00ebl 2020<\/figcaption><\/figure>\n\n\n\n<figure class=\"wp-block-image size-large\"><img loading=\"lazy\" decoding=\"async\" width=\"960\" height=\"720\" data-id=\"80\" src=\"https:\/\/www.maisondesfamilles.eu\/wp-content\/uploads\/2021\/01\/132388921_2790297904517646_465701847573829884_n.jpg\" alt=\"\" class=\"wp-image-80\" srcset=\"https:\/\/www.maisondesfamilles.eu\/wp-content\/uploads\/2021\/01\/132388921_2790297904517646_465701847573829884_n.jpg 960w, https:\/\/www.maisondesfamilles.eu\/wp-content\/uploads\/2021\/01\/132388921_2790297904517646_465701847573829884_n-300x225.jpg 300w, https:\/\/www.maisondesfamilles.eu\/wp-content\/uploads\/2021\/01\/132388921_2790297904517646_465701847573829884_n-768x576.jpg 768w\" sizes=\"auto, (max-width: 960px) 100vw, 960px\" \/><figcaption>Repas de No\u00ebl 2020<\/figcaption><\/figure>\n\n\n\n<figure class=\"wp-block-image size-large\"><img loading=\"lazy\" decoding=\"async\" width=\"960\" height=\"720\" data-id=\"81\" src=\"https:\/\/www.maisondesfamilles.eu\/wp-content\/uploads\/2021\/01\/132939664_2790297871184316_1472731211797093931_n.jpg\" alt=\"\" class=\"wp-image-81\" srcset=\"https:\/\/www.maisondesfamilles.eu\/wp-content\/uploads\/2021\/01\/132939664_2790297871184316_1472731211797093931_n.jpg 960w, https:\/\/www.maisondesfamilles.eu\/wp-content\/uploads\/2021\/01\/132939664_2790297871184316_1472731211797093931_n-300x225.jpg 300w, https:\/\/www.maisondesfamilles.eu\/wp-content\/uploads\/2021\/01\/132939664_2790297871184316_1472731211797093931_n-768x576.jpg 768w\" sizes=\"auto, (max-width: 960px) 100vw, 960px\" \/><figcaption>Repas de No\u00ebl 2020<\/figcaption><\/figure>\n\n\n\n<figure class=\"wp-block-image size-large\"><img loading=\"lazy\" decoding=\"async\" width=\"720\" height=\"960\" data-id=\"83\" src=\"https:\/\/www.maisondesfamilles.eu\/wp-content\/uploads\/2021\/01\/132882477_2790297541184349_3411980430005110607_n.jpg\" alt=\"\" class=\"wp-image-83\" srcset=\"https:\/\/www.maisondesfamilles.eu\/wp-content\/uploads\/2021\/01\/132882477_2790297541184349_3411980430005110607_n.jpg 720w, https:\/\/www.maisondesfamilles.eu\/wp-content\/uploads\/2021\/01\/132882477_2790297541184349_3411980430005110607_n-225x300.jpg 225w\" sizes=\"auto, (max-width: 720px) 100vw, 720px\" \/><figcaption>Repas de No\u00ebl 2020<\/figcaption><\/figure>\n\n\n\n<figure class=\"wp-block-image size-large\"><img loading=\"lazy\" decoding=\"async\" width=\"960\" height=\"720\" data-id=\"84\" src=\"https:\/\/www.maisondesfamilles.eu\/wp-content\/uploads\/2021\/01\/132634508_2790297481184355_1551466471850361928_n.jpg\" alt=\"\" class=\"wp-image-84\" srcset=\"https:\/\/www.maisondesfamilles.eu\/wp-content\/uploads\/2021\/01\/132634508_2790297481184355_1551466471850361928_n.jpg 960w, https:\/\/www.maisondesfamilles.eu\/wp-content\/uploads\/2021\/01\/132634508_2790297481184355_1551466471850361928_n-300x225.jpg 300w, https:\/\/www.maisondesfamilles.eu\/wp-content\/uploads\/2021\/01\/132634508_2790297481184355_1551466471850361928_n-768x576.jpg 768w\" sizes=\"auto, (max-width: 960px) 100vw, 960px\" \/><figcaption>Repas de No\u00ebl 2020<\/figcaption><\/figure>\n\n\n\n<figure class=\"wp-block-image size-large\"><img loading=\"lazy\" decoding=\"async\" width=\"720\" height=\"960\" data-id=\"85\" src=\"https:\/\/www.maisondesfamilles.eu\/wp-content\/uploads\/2021\/01\/132368803_2790297411184362_5130001292535233854_n.jpg\" alt=\"\" class=\"wp-image-85\" srcset=\"https:\/\/www.maisondesfamilles.eu\/wp-content\/uploads\/2021\/01\/132368803_2790297411184362_5130001292535233854_n.jpg 720w, https:\/\/www.maisondesfamilles.eu\/wp-content\/uploads\/2021\/01\/132368803_2790297411184362_5130001292535233854_n-225x300.jpg 225w\" sizes=\"auto, (max-width: 720px) 100vw, 720px\" \/><figcaption>Repas de No\u00ebl 2020<\/figcaption><\/figure>\n\n\n\n<figure class=\"wp-block-image size-large\"><img loading=\"lazy\" decoding=\"async\" width=\"960\" height=\"720\" data-id=\"86\" src=\"https:\/\/www.maisondesfamilles.eu\/wp-content\/uploads\/2021\/01\/132496892_2790297257851044_4460064574277082674_n.jpg\" alt=\"\" class=\"wp-image-86\" srcset=\"https:\/\/www.maisondesfamilles.eu\/wp-content\/uploads\/2021\/01\/132496892_2790297257851044_4460064574277082674_n.jpg 960w, https:\/\/www.maisondesfamilles.eu\/wp-content\/uploads\/2021\/01\/132496892_2790297257851044_4460064574277082674_n-300x225.jpg 300w, https:\/\/www.maisondesfamilles.eu\/wp-content\/uploads\/2021\/01\/132496892_2790297257851044_4460064574277082674_n-768x576.jpg 768w\" sizes=\"auto, (max-width: 960px) 100vw, 960px\" \/><figcaption>Repas de No\u00ebl 2020<\/figcaption><\/figure>\n<\/figure>\n\n\n\n<div class=\"wp-block-cover alignfull\" style=\"min-height:800px;aspect-ratio:unset;\"><span aria-hidden=\"true\" class=\"wp-block-cover__background has-background-dim-60 has-background-dim\"><\/span><img decoding=\"async\" class=\"wp-block-cover__image-background\" alt=\"\" src=\"https:\/\/s.w.org\/images\/core\/5.8\/forest.jpg\" data-object-fit=\"cover\"\/><div class=\"wp-block-cover__inner-container is-layout-flow wp-block-cover-is-layout-flow\">\n<h2 class=\"alignwide has-text-color wp-block-heading\" style=\"color:#ffe074;font-size:64px\">For\u00eat.<\/h2>\n\n\n\n<div class=\"wp-block-columns alignwide is-layout-flex wp-container-core-columns-is-layout-9d6595d7 wp-block-columns-is-layout-flex\">\n<div class=\"wp-block-column is-layout-flow wp-block-column-is-layout-flow\" style=\"flex-basis:55%\">\n<div style=\"height:330px\" aria-hidden=\"true\" class=\"wp-block-spacer\"><\/div>\n\n\n\n<p class=\"has-text-color\" style=\"color:#ffe074;font-size:12px;line-height:1.3\"><em>M\u00eame un enfant sait combien la for\u00eat est pr\u00e9cieuse. L\u2019odeur fra\u00eeche des arbres, \u00e0 vous couper le souffle. L\u2019\u00e9cho des oiseaux volant au-dessus de cette magnitude dense. Un climat stable, une vie durable et diversifi\u00e9e et une source de culture. Pourtant, les for\u00eats et d\u2019autres \u00e9cosyst\u00e8mes sont en p\u00e9ril, menac\u00e9s de devenir des terres de culture, des p\u00e2turages ou des plantations.<\/em><\/p>\n<\/div>\n\n\n\n<div class=\"wp-block-column is-layout-flow wp-block-column-is-layout-flow\"><\/div>\n<\/div>\n<\/div><\/div>\n","protected":false},"excerpt":{"rendered":"<p>quelques chiffres du nombre de repas servis depuis quelques ann\u00e9es<\/p>\n","protected":false},"author":2,"featured_media":0,"parent":0,"menu_order":0,"comment_status":"closed","ping_status":"closed","template":"templates\/template-full-width.php","meta":{"footnotes":""},"class_list":["post-34","page","type-page","status-publish","hentry"],"_links":{"self":[{"href":"https:\/\/www.maisondesfamilles.eu\/index.php\/wp-json\/wp\/v2\/pages\/34","targetHints":{"allow":["GET"]}}],"collection":[{"href":"https:\/\/www.maisondesfamilles.eu\/index.php\/wp-json\/wp\/v2\/pages"}],"about":[{"href":"https:\/\/www.maisondesfamilles.eu\/index.php\/wp-json\/wp\/v2\/types\/page"}],"author":[{"embeddable":true,"href":"https:\/\/www.maisondesfamilles.eu\/index.php\/wp-json\/wp\/v2\/users\/2"}],"replies":[{"embeddable":true,"href":"https:\/\/www.maisondesfamilles.eu\/index.php\/wp-json\/wp\/v2\/comments?post=34"}],"version-history":[{"count":6,"href":"https:\/\/www.maisondesfamilles.eu\/index.php\/wp-json\/wp\/v2\/pages\/34\/revisions"}],"predecessor-version":[{"id":266,"href":"https:\/\/www.maisondesfamilles.eu\/index.php\/wp-json\/wp\/v2\/pages\/34\/revisions\/266"}],"wp:attachment":[{"href":"https:\/\/www.maisondesfamilles.eu\/index.php\/wp-json\/wp\/v2\/media?parent=34"}],"curies":[{"name":"wp","href":"https:\/\/api.w.org\/{rel}","templated":true}]}}